{"id":521,"date":"2020-06-09T05:03:41","date_gmt":"2020-06-09T05:03:41","guid":{"rendered":"http:\/\/www.fotoplus.com\/duas\/?page_id=521"},"modified":"2024-12-17T01:29:12","modified_gmt":"2024-12-17T01:29:12","slug":"vinhetas-fotopluszero","status":"publish","type":"page","link":"https:\/\/fotoplus.com\/duas\/?page_id=521","title":{"rendered":"Vinhetas FotoPlus 2020-2023"},"content":{"rendered":"\n<h2 class=\"wp-block-heading has-medium-font-size\"><br><br><strong>M\u00eas a m\u00eas, desde 2020 em plena pandemia, a atualiza\u00e7\u00e3o das bases de dados FotoPlus \u00e9 divulgada em postagens nas redes sociais. Ao longo desse per\u00edodo s\u00e3o explorados de temas a formatos com recursos visuais variados.<\/strong><\/h2>\n\n\n\n<div class=\"wp-block-media-text alignwide\"><figure class=\"wp-block-media-text__media\"><video controls src=\"http:\/\/www.fotoplus.com\/duas\/wp-content\/uploads\/2020\/06\/20200609-001-final.mp4\"><\/video><\/figure><div class=\"wp-block-media-text__content\">\n<p><strong>vinheta para rede social <\/strong>#001\/2020 <br>(sem \u00e1udio)<\/p>\n<\/div><\/div>\n\n\n\n<div class=\"wp-block-media-text alignwide\"><figure class=\"wp-block-media-text__media\"><video controls src=\"http:\/\/www.fotoplus.com\/duas\/wp-content\/uploads\/2020\/07\/20200713-002-final.mp4\"><\/video><\/figure><div class=\"wp-block-media-text__content\">\n<p><strong>vinheta para rede social <\/strong>#002\/2020<\/p>\n\n\n\n<p>&#8220;toda hist\u00f3ria \u00e9 contempor\u00e2nea&#8221;<br>(2020.07.13)\n\n<\/p>\n<\/div><\/div>\n\n\n\n<p><\/p>\n\n\n\n<div class=\"wp-block-media-text alignwide\"><figure class=\"wp-block-media-text__media\"><video controls src=\"http:\/\/www.fotoplus.com\/duas\/wp-content\/uploads\/2020\/08\/20200810-003-final-o-que-eh.mp4\"><\/video><\/figure><div class=\"wp-block-media-text__content\">\n<p><strong>vinheta para rede social <\/strong>#003\/2020<\/p>\n\n\n\n<p>&#8220;o que \u00e9   o que foi   o que ser\u00e1&#8221;<br>(2020.08.10) <\/p>\n<\/div><\/div>\n\n\n\n<div class=\"wp-block-media-text alignwide\"><figure class=\"wp-block-media-text__media\"><video controls src=\"http:\/\/www.fotoplus.com\/duas\/wp-content\/uploads\/2020\/09\/20200926-004-se-precisar-02-final.mp4\"><\/video><\/figure><div class=\"wp-block-media-text__content\">\n<p><strong>vinheta para rede social <\/strong>#004\/2020<\/p>\n\n\n\n<p>&#8220;se precisar&#8230;&#8221;<br>(2020.09.29) <\/p>\n<\/div><\/div>\n\n\n\n<div class=\"wp-block-media-text alignwide is-stacked-on-mobile\"><figure class=\"wp-block-media-text__media\"><video controls src=\"http:\/\/www.fotoplus.com\/duas\/wp-content\/uploads\/2020\/12\/20201202-005-final-teclado-1.mp4\"><\/video><\/figure><div class=\"wp-block-media-text__content\">\n<p><\/p>\n\n\n\n<p><strong>vinheta para rede social <\/strong>#005\/2020<br><\/p>\n\n\n\n<p>&#8220;Teclado&#8221;<br>(2020.12.02)<\/p>\n\n\n\n<p><\/p>\n<\/div><\/div>\n\n\n\n<div class=\"wp-block-media-text alignwide is-stacked-on-mobile\"><figure class=\"wp-block-media-text__media\"><video controls src=\"http:\/\/www.fotoplus.com\/duas\/wp-content\/uploads\/2021\/04\/20210425-006-flieg-de-bolso-final-1.mp4\"><\/video><\/figure><div class=\"wp-block-media-text__content\">\n<p><strong>vinheta para rede social <\/strong>#006\/2021<br><\/p>\n\n\n\n<p>&#8220;Flieg de Bolso&#8221;<br>(2021.04.25)<\/p>\n<\/div><\/div>\n\n\n\n<div class=\"wp-block-media-text alignwide is-stacked-on-mobile\"><figure class=\"wp-block-media-text__media\"><video controls src=\"http:\/\/www.fotoplus.com\/duas\/wp-content\/uploads\/2021\/05\/20210525-SP-DT-FPRefoto-Live-Isto-n\u00e3o-E-01-F\u00e1tima-Roque-ORIGINAL.mp4\"><\/video><\/figure><div class=\"wp-block-media-text__content\">\n<p><strong>vinheta para rede social <\/strong><br>s\u00e9rie<br>Isto n\u00e3o \u00e9 um livro &#8211; Ep.1<br>F\u00e1tima Roque<br><br>(2021.05.25)<\/p>\n<\/div><\/div>\n\n\n\n<div class=\"wp-block-media-text alignwide is-stacked-on-mobile\"><figure class=\"wp-block-media-text__media\"><video controls src=\"http:\/\/www.fotoplus.com\/duas\/wp-content\/uploads\/2022\/01\/20220107-fotoplus-video-final.mp4\"><\/video><\/figure><div class=\"wp-block-media-text__content\">\n<p><strong>vinheta para rede social <\/strong><br><strong>s\/n\u00ba<\/strong><\/p>\n\n\n\n<p>&#8220;Prontos para 2022?&#8221;<br>(2022.01.08)<\/p>\n<\/div><\/div>\n\n\n\n<div class=\"wp-block-media-text alignwide is-stacked-on-mobile\"><figure class=\"wp-block-media-text__media\"><video controls src=\"http:\/\/www.fotoplus.com\/duas\/wp-content\/uploads\/2022\/02\/fotoplus-anuncio-20220211.mp4\"><\/video><\/figure><div class=\"wp-block-media-text__content\">\n<p><strong>vinheta para rede social <\/strong><br><strong>s\/n\u00ba<\/strong><\/p>\n\n\n\n<p>&#8220;Uau&#8221;<br>(2022.02.11)<\/p>\n<\/div><\/div>\n\n\n\n<div class=\"wp-block-media-text alignwide is-stacked-on-mobile\"><figure class=\"wp-block-media-text__media\"><video controls src=\"http:\/\/www.fotoplus.com\/duas\/wp-content\/uploads\/2022\/03\/vinhea-01.mp4\"><\/video><\/figure><div class=\"wp-block-media-text__content\">\n<p><strong>vinheta para rede social <\/strong><br><strong>s\/n\u00ba<\/strong><\/p>\n\n\n\n<p>&#8220;ru\u00eddo&#8221;<br>(2022.03.10)<\/p>\n<\/div><\/div>\n\n\n\n<div class=\"wp-block-media-text alignwide is-stacked-on-mobile\"><figure class=\"wp-block-media-text__media\"><video controls src=\"http:\/\/www.fotoplus.com\/duas\/wp-content\/uploads\/2022\/04\/20220413-vinheta-tradutor-FINA-thumb-novo.mp4\"><\/video><\/figure><div class=\"wp-block-media-text__content\">\n<p><strong>vinheta para rede social <\/strong><br><strong>s\/n\u00ba<\/strong><\/p>\n\n\n\n<p>&#8220;tradutor&#8221;<br>(2022.04.13)<\/p>\n<\/div><\/div>\n\n\n\n<hr class=\"wp-block-separator has-css-opacity is-style-default\"\/>\n\n\n\n<div class=\"wp-block-media-text alignwide is-stacked-on-mobile\"><figure class=\"wp-block-media-text__media\"><video controls src=\"http:\/\/www.fotoplus.com\/duas\/wp-content\/uploads\/2022\/05\/a-vida-1-7-vinheta-20220501-audio-apenas-instagram-mobile.mp4\"><\/video><\/figure><div class=\"wp-block-media-text__content\">\n<p><strong>vinheta para rede social <\/strong><br><strong>s\/n\u00ba<\/strong><\/p>\n\n\n\n<p><strong>&#8220;A   VIDA&#8221;<\/strong><br><strong>teaser &#8211; 1-7<\/strong><br>2022.05.01<br><br>s\u00e9rie &#8211; 2022.05.01 a 12<\/p>\n<\/div><\/div>\n\n\n\n<div class=\"wp-block-media-text alignwide is-stacked-on-mobile\"><figure class=\"wp-block-media-text__media\"><video controls src=\"http:\/\/www.fotoplus.com\/duas\/wp-content\/uploads\/2022\/05\/a-vida-2-7-vinheta-20220502-audio-apenas-instagram-mobile.mp4\"><\/video><\/figure><div class=\"wp-block-media-text__content\">\n<p><strong>vinheta para rede social <\/strong><br><strong>s\/n\u00ba<\/strong><\/p>\n\n\n\n<p><strong>&#8220;A   VIDA&#8221;<\/strong><br><strong>teaser &#8211; 2-7 <\/strong><br>2022.05.02<br><br>s\u00e9rie &#8211; 2022.05.01 a 12 <\/p>\n\n\n\n<p><\/p>\n<\/div><\/div>\n\n\n\n<div class=\"wp-block-media-text alignwide is-stacked-on-mobile\"><figure class=\"wp-block-media-text__media\"><video controls src=\"http:\/\/www.fotoplus.com\/duas\/wp-content\/uploads\/2022\/05\/a-vida-3-7-vinheta-20220503-audio-apenas-instagram-mobile.mp4\"><\/video><\/figure><div class=\"wp-block-media-text__content\">\n<p><strong>vinheta para rede social <\/strong><br><strong>s\/n\u00ba<\/strong><\/p>\n\n\n\n<p><strong>&#8220;A   VIDA&#8221;<\/strong><br><strong>teaser &#8211; 3-7 <\/strong><br>2022.05.03<br><br>s\u00e9rie &#8211; 2022.05.01 a 12 <\/p>\n\n\n\n<p><\/p>\n<\/div><\/div>\n\n\n\n<div class=\"wp-block-media-text alignwide is-stacked-on-mobile\"><figure class=\"wp-block-media-text__media\"><video controls src=\"http:\/\/www.fotoplus.com\/duas\/wp-content\/uploads\/2022\/05\/a-vida-4-7-vinheta-20220504-audio-apenas-instagram-mobile.mp4\"><\/video><\/figure><div class=\"wp-block-media-text__content\">\n<p><strong>vinheta para rede social <\/strong><br><strong>s\/n\u00ba<\/strong><\/p>\n\n\n\n<p><strong>&#8220;A   VIDA&#8221;<\/strong><br><strong>teaser &#8211; 4-7 <\/strong><br>2022.05.04<br><br>s\u00e9rie &#8211; 2022.05.01 a 12 <\/p>\n\n\n\n<p><\/p>\n<\/div><\/div>\n\n\n\n<div class=\"wp-block-media-text alignwide is-stacked-on-mobile\"><figure class=\"wp-block-media-text__media\"><video controls src=\"http:\/\/www.fotoplus.com\/duas\/wp-content\/uploads\/2022\/05\/a-vida-5-7-vinheta-20220505-audio-apenas-instagram-mobile.mp4\"><\/video><\/figure><div class=\"wp-block-media-text__content\">\n<p><strong>vinheta para rede social <\/strong><br><strong>s\/n\u00ba<\/strong><\/p>\n\n\n\n<p><strong>&#8220;A   VIDA&#8221;<\/strong><br><strong>teaser &#8211; 5-7 <\/strong><br>2022.05.05<br><br>s\u00e9rie &#8211; 2022.05.01 a 12 <\/p>\n\n\n\n<p><\/p>\n<\/div><\/div>\n\n\n\n<div class=\"wp-block-media-text alignwide is-stacked-on-mobile\"><figure class=\"wp-block-media-text__media\"><video controls src=\"http:\/\/www.fotoplus.com\/duas\/wp-content\/uploads\/2022\/05\/a-vida-6-7-vinheta-20220507-1.mp4\"><\/video><\/figure><div class=\"wp-block-media-text__content\">\n<p><strong>vinheta para rede social <\/strong><br><strong>s\/n\u00ba<\/strong><\/p>\n\n\n\n<p><strong>&#8220;A   VIDA&#8221;<\/strong><br><strong>teaser &#8211; 6-7 <\/strong><br>2022.05.07<br><br>s\u00e9rie &#8211; 2022.05.01 a 12 <\/p>\n\n\n\n<p><\/p>\n<\/div><\/div>\n\n\n\n<div class=\"wp-block-media-text alignwide is-stacked-on-mobile\"><figure class=\"wp-block-media-text__media\"><video controls src=\"http:\/\/www.fotoplus.com\/duas\/wp-content\/uploads\/2022\/05\/a-vida-7-7-vinheta-20220512.mp4\"><\/video><\/figure><div class=\"wp-block-media-text__content\">\n<p><strong>vinheta para rede social <\/strong><br><strong>s\/n\u00ba<\/strong><\/p>\n\n\n\n<p><strong>&#8220;A   VIDA&#8221;<\/strong><br><strong>teaser &#8211; 7-7 <\/strong><br>2022.05.12<br><br>s\u00e9rie &#8211; 2022.05.01 a 12 <\/p>\n\n\n\n<p><\/p>\n<\/div><\/div>\n\n\n\n<hr class=\"wp-block-separator has-css-opacity\"\/>\n\n\n\n<div class=\"wp-block-media-text alignwide is-stacked-on-mobile\"><figure class=\"wp-block-media-text__media\"><video controls src=\"http:\/\/www.fotoplus.com\/duas\/wp-content\/uploads\/2022\/06\/e-noise-vinheta-20220610-instagram.mp4\"><\/video><\/figure><div class=\"wp-block-media-text__content\">\n<p><strong>vinheta para rede social <\/strong><br><strong>s\/n\u00ba<\/strong><\/p>\n\n\n\n<p><strong>&#8220;Noise&#8221;<\/strong><br><strong>2<\/strong>022.06.10<br><\/p>\n\n\n\n<p><\/p>\n<\/div><\/div>\n\n\n\n<div class=\"wp-block-media-text alignwide is-stacked-on-mobile\"><figure class=\"wp-block-media-text__media\"><video controls src=\"http:\/\/www.fotoplus.com\/duas\/wp-content\/uploads\/2022\/07\/20220709-vinheta-nadadevinheta-final02-taxamedia.mp4\"><\/video><\/figure><div class=\"wp-block-media-text__content\">\n<p><strong>vinheta para rede social <\/strong><br><strong>s\/n\u00ba<\/strong><\/p>\n\n\n\n<p><strong>&#8220;nada de vinheta&#8221;<\/strong><br><strong>2<\/strong>022.07.09<br><\/p>\n\n\n\n<p><\/p>\n<\/div><\/div>\n\n\n\n<div class=\"wp-block-media-text alignwide is-stacked-on-mobile\"><figure class=\"wp-block-media-text__media\"><video controls src=\"http:\/\/www.fotoplus.com\/duas\/wp-content\/uploads\/2022\/08\/20220811-de-mo-cra-ci-a.mp4\"><\/video><\/figure><div class=\"wp-block-media-text__content\">\n<p><strong>vinheta para rede social <\/strong><br><strong>s\/n\u00ba<\/strong><\/p>\n\n\n\n<p><strong>&#8220;de-mo-cra-ci-a&#8221;<\/strong><br>2022.08.11<br><\/p>\n\n\n\n<p><\/p>\n<\/div><\/div>\n\n\n\n<div class=\"wp-block-media-text alignwide is-stacked-on-mobile\"><figure class=\"wp-block-media-text__media\"><video controls src=\"http:\/\/www.fotoplus.com\/duas\/wp-content\/uploads\/2022\/09\/20220912-vinheta-pecado.mp4\"><\/video><\/figure><div class=\"wp-block-media-text__content\">\n<p><strong>vinheta para rede social <\/strong><br><strong>s\/n\u00ba<\/strong><\/p>\n\n\n\n<p><strong>&#8220;pecado&#8221;<\/strong><br>2022.09.12<br><\/p>\n\n\n\n<p><\/p>\n<\/div><\/div>\n\n\n\n<div class=\"wp-block-media-text alignwide is-stacked-on-mobile\"><figure class=\"wp-block-media-text__media\"><video controls src=\"http:\/\/www.fotoplus.com\/duas\/wp-content\/uploads\/2022\/10\/20221010-vinheta-FotoplusParaGringos01-portunol-FINAL.mp4\"><\/video><\/figure><div class=\"wp-block-media-text__content\">\n<p><strong>vinheta para rede social <\/strong><br><strong>s\/n\u00ba<\/strong><\/p>\n\n\n\n<p><strong>&#8220;portu\u00f1ol&#8221;<\/strong><br>s\u00e9rie <em>Fotoplus para Gringos<\/em>, 1<br>2022.10.10<br><\/p>\n\n\n\n<p><\/p>\n<\/div><\/div>\n\n\n\n<div class=\"wp-block-media-text alignwide is-stacked-on-mobile\"><figure class=\"wp-block-media-text__media\"><video controls src=\"http:\/\/www.fotoplus.com\/duas\/wp-content\/uploads\/2022\/11\/20221114-vinheta-Fotoplus-memorias.mp4\"><\/video><\/figure><div class=\"wp-block-media-text__content\">\n<p><strong>vinheta para rede social <\/strong><br><strong>s\/n\u00ba<\/strong><\/p>\n\n\n\n<p><strong>&#8220;as mem\u00f3rias&#8221;<\/strong><br>2022.11.14<br><\/p>\n\n\n\n<p><\/p>\n<\/div><\/div>\n\n\n\n<div class=\"wp-block-media-text alignwide is-stacked-on-mobile\"><figure class=\"wp-block-media-text__media\"><video controls src=\"http:\/\/www.fotoplus.com\/duas\/wp-content\/uploads\/2022\/12\/20221212-nao-se-preocupe-final1.mp4\"><\/video><\/figure><div class=\"wp-block-media-text__content\">\n<p><strong>vinheta para rede social <\/strong><br><strong>s\/n\u00ba<\/strong><\/p>\n\n\n\n<p><strong>&#8220;n\u00e3o se preocupe&#8221;<\/strong><br>2022.12.12<br><\/p>\n\n\n\n<p><\/p>\n<\/div><\/div>\n\n\n\n<div class=\"wp-block-media-text alignwide is-stacked-on-mobile\"><figure class=\"wp-block-media-text__media\"><a href=\"http:\/\/www.fotoplus.com\" target=\"_blank\" rel=\"noreferrer noopener\"><img loading=\"lazy\" decoding=\"async\" width=\"800\" height=\"800\" src=\"http:\/\/www.fotoplus.com\/duas\/wp-content\/uploads\/2023\/01\/20230110-vinheta-fixa.jpg\" alt=\"\" class=\"wp-image-1166 size-full\" srcset=\"https:\/\/fotoplus.com\/duas\/wp-content\/uploads\/2023\/01\/20230110-vinheta-fixa.jpg 800w, https:\/\/fotoplus.com\/duas\/wp-content\/uploads\/2023\/01\/20230110-vinheta-fixa-300x300.jpg 300w, https:\/\/fotoplus.com\/duas\/wp-content\/uploads\/2023\/01\/20230110-vinheta-fixa-150x150.jpg 150w, https:\/\/fotoplus.com\/duas\/wp-content\/uploads\/2023\/01\/20230110-vinheta-fixa-768x768.jpg 768w\" sizes=\"auto, (max-width: 800px) 85vw, 800px\" \/><\/a><\/figure><div class=\"wp-block-media-text__content\">\n<p><strong>vinheta para rede social <\/strong><br><strong>s\/n\u00ba<\/strong><br><br>2023: <strong>s\u00e9rie imagem fixa<\/strong>: <br>save the yellow<\/p>\n\n\n\n<p><strong>&#8220;imagem fixa: democracia&#8221;<\/strong><br>2023.01.10<br><\/p>\n\n\n\n<p><\/p>\n<\/div><\/div>\n\n\n\n<div class=\"wp-block-media-text alignwide is-stacked-on-mobile\"><figure class=\"wp-block-media-text__media\"><a href=\"http:\/\/www.fotoplus.com\" target=\"_blank\" rel=\"noreferrer noopener\"><img loading=\"lazy\" decoding=\"async\" width=\"600\" height=\"750\" src=\"http:\/\/www.fotoplus.com\/duas\/wp-content\/uploads\/2023\/02\/20230208-vinheta-fixa-600x750-1.png\" alt=\"\" class=\"wp-image-1208 size-full\" srcset=\"https:\/\/fotoplus.com\/duas\/wp-content\/uploads\/2023\/02\/20230208-vinheta-fixa-600x750-1.png 600w, https:\/\/fotoplus.com\/duas\/wp-content\/uploads\/2023\/02\/20230208-vinheta-fixa-600x750-1-240x300.png 240w\" sizes=\"auto, (max-width: 600px) 85vw, 600px\" \/><\/a><\/figure><div class=\"wp-block-media-text__content\">\n<p><strong>vinheta para rede social <\/strong><br><strong>s\/n\u00ba<\/strong><br><br>2023: <strong>s\u00e9rie imagem fixa<\/strong>:<br>carnaval, carnaval<br><\/p>\n\n\n\n<p><strong>&#8220;imagem fixa: carnaval&#8221;<\/strong><br>2023.02.10<br><\/p>\n\n\n\n<p><\/p>\n<\/div><\/div>\n\n\n\n<div class=\"wp-block-media-text alignwide is-stacked-on-mobile\"><figure class=\"wp-block-media-text__media\"><a href=\"http:\/\/www.fotoplus.com\" target=\"_blank\" rel=\"noreferrer noopener\"><img loading=\"lazy\" decoding=\"async\" width=\"600\" height=\"750\" src=\"http:\/\/www.fotoplus.com\/duas\/wp-content\/uploads\/2023\/03\/20230314-vinheta-fixa-taperdido-600-x-750.png\" alt=\"\" class=\"wp-image-1217 size-full\" srcset=\"https:\/\/fotoplus.com\/duas\/wp-content\/uploads\/2023\/03\/20230314-vinheta-fixa-taperdido-600-x-750.png 600w, https:\/\/fotoplus.com\/duas\/wp-content\/uploads\/2023\/03\/20230314-vinheta-fixa-taperdido-600-x-750-240x300.png 240w\" sizes=\"auto, (max-width: 600px) 85vw, 600px\" \/><\/a><\/figure><div class=\"wp-block-media-text__content\">\n<p><strong>vinheta para rede social <\/strong><br><strong>s\/n\u00ba<\/strong><br><br>2023: <strong>s\u00e9rie imagem fixa<\/strong>:<br>t\u00e1 perdido?<br><\/p>\n\n\n\n<p><strong>&#8220;imagem fixa: t\u00e1 perdido?&#8221;<\/strong><br>2023.03.14<br><\/p>\n\n\n\n<p><\/p>\n<\/div><\/div>\n\n\n\n<div class=\"wp-block-media-text alignwide is-stacked-on-mobile\"><figure class=\"wp-block-media-text__media\"><a href=\"http:\/\/www.fotoplus.com\" target=\"_blank\" rel=\"noreferrer noopener\"><img loading=\"lazy\" decoding=\"async\" width=\"600\" height=\"750\" src=\"http:\/\/www.fotoplus.com\/duas\/wp-content\/uploads\/2023\/04\/20230411-vinheta-fixa-mais-de-600-x-750.png\" alt=\"\" class=\"wp-image-1222 size-full\" srcset=\"https:\/\/fotoplus.com\/duas\/wp-content\/uploads\/2023\/04\/20230411-vinheta-fixa-mais-de-600-x-750.png 600w, https:\/\/fotoplus.com\/duas\/wp-content\/uploads\/2023\/04\/20230411-vinheta-fixa-mais-de-600-x-750-240x300.png 240w\" sizes=\"auto, (max-width: 600px) 85vw, 600px\" \/><\/a><\/figure><div class=\"wp-block-media-text__content\">\n<p><strong>vinheta para rede social <\/strong><br><strong>s\/n\u00ba<\/strong><br><br>2023: <strong>s\u00e9rie imagem fixa<\/strong>:<br>mais de 98 mil registros online<br><\/p>\n\n\n\n<p><strong>&#8220;imagem fixa: mais de 98 mil registros online&#8221;<\/strong><br>2023.04.11<br><\/p>\n\n\n\n<p><\/p>\n<\/div><\/div>\n\n\n\n<div class=\"wp-block-media-text alignwide is-stacked-on-mobile is-vertically-aligned-top\"><figure class=\"wp-block-media-text__media\"><a href=\"http:\/\/www.fotoplus.com\" target=\"_blank\" rel=\"noreferrer noopener\"><img loading=\"lazy\" decoding=\"async\" width=\"600\" height=\"750\" src=\"http:\/\/www.fotoplus.com\/duas\/wp-content\/uploads\/2023\/05\/20230514-vinheta-fixa-pandemia-600-x-750.png\" alt=\"\" class=\"wp-image-1251 size-full\" srcset=\"https:\/\/fotoplus.com\/duas\/wp-content\/uploads\/2023\/05\/20230514-vinheta-fixa-pandemia-600-x-750.png 600w, https:\/\/fotoplus.com\/duas\/wp-content\/uploads\/2023\/05\/20230514-vinheta-fixa-pandemia-600-x-750-240x300.png 240w\" sizes=\"auto, (max-width: 600px) 85vw, 600px\" \/><\/a><\/figure><div class=\"wp-block-media-text__content\">\n<p><strong>vinheta para rede social <\/strong><br><strong>s\/n\u00ba<\/strong><br><br>2023: <strong>s\u00e9rie imagem fixa<\/strong>:<br>fotoplus.com sauda&#8230;<\/p>\n\n\n\n<p><strong><em>fotoplus.com<\/em> sauda todas as iniciativas das comunidades fotogr\u00e1ficas durante a pandemia<\/strong><br>2023.05.14<br><\/p>\n\n\n\n<p><\/p>\n<\/div><\/div>\n\n\n\n<div class=\"wp-block-media-text alignwide is-stacked-on-mobile is-vertically-aligned-top\"><figure class=\"wp-block-media-text__media\"><a href=\"http:\/\/www.fotoplus.com\" target=\"_blank\" rel=\"noreferrer noopener\"><img loading=\"lazy\" decoding=\"async\" width=\"600\" height=\"750\" src=\"http:\/\/www.fotoplus.com\/duas\/wp-content\/uploads\/2023\/06\/20230618-vinheta-fixa-apito-600-x-750.png\" alt=\"\" class=\"wp-image-1255 size-full\" srcset=\"https:\/\/fotoplus.com\/duas\/wp-content\/uploads\/2023\/06\/20230618-vinheta-fixa-apito-600-x-750.png 600w, https:\/\/fotoplus.com\/duas\/wp-content\/uploads\/2023\/06\/20230618-vinheta-fixa-apito-600-x-750-240x300.png 240w\" sizes=\"auto, (max-width: 600px) 85vw, 600px\" \/><\/a><\/figure><div class=\"wp-block-media-text__content\">\n<p><strong>vinheta para rede social <\/strong><br><strong>s\/n\u00ba<\/strong><br><br>2023: <strong>s\u00e9rie imagem fixa<\/strong>:<br>quando o apito da f\u00e1brica&#8230;<br><\/p>\n\n\n\n<p>quando o apito da f\u00e1brica de tecidos vem ferir os meus ouvidos<br>2023.06.18<br><\/p>\n\n\n\n<p><\/p>\n<\/div><\/div>\n\n\n\n<div class=\"wp-block-media-text alignwide is-stacked-on-mobile is-vertically-aligned-top\"><figure class=\"wp-block-media-text__media\"><a href=\"http:\/\/www.fotoplus.com\" target=\"_blank\" rel=\"noreferrer noopener\"><img loading=\"lazy\" decoding=\"async\" width=\"600\" height=\"750\" src=\"http:\/\/www.fotoplus.com\/duas\/wp-content\/uploads\/2023\/07\/20230711-vinheta-use-com-moderecao-600x750-amarelo.png\" alt=\"\" class=\"wp-image-1287 size-full\" srcset=\"https:\/\/fotoplus.com\/duas\/wp-content\/uploads\/2023\/07\/20230711-vinheta-use-com-moderecao-600x750-amarelo.png 600w, https:\/\/fotoplus.com\/duas\/wp-content\/uploads\/2023\/07\/20230711-vinheta-use-com-moderecao-600x750-amarelo-240x300.png 240w\" sizes=\"auto, (max-width: 600px) 85vw, 600px\" \/><\/a><\/figure><div class=\"wp-block-media-text__content\">\n<p><strong>vinheta para rede social <\/strong><br><strong>s\/n\u00ba<\/strong><br><br>2023: <strong>s\u00e9rie imagem fixa<\/strong>:<br>use com modera\u00e7\u00e3o, v\u00edrgula<br><\/p>\n\n\n\n<p>use com modera\u00e7\u00e3o,<br>2023.07.11<br><\/p>\n\n\n\n<p><\/p>\n<\/div><\/div>\n\n\n\n<div class=\"wp-block-media-text alignwide is-stacked-on-mobile is-vertically-aligned-top\"><figure class=\"wp-block-media-text__media\"><a href=\"http:\/\/www.fotoplus.com\" target=\"_blank\" rel=\"noreferrer noopener\"><img loading=\"lazy\" decoding=\"async\" width=\"600\" height=\"750\" src=\"http:\/\/www.fotoplus.com\/duas\/wp-content\/uploads\/2023\/08\/20230813-vinheta-fixa-rolex-600-x-750.png\" alt=\"\" class=\"wp-image-1291 size-full\" srcset=\"https:\/\/fotoplus.com\/duas\/wp-content\/uploads\/2023\/08\/20230813-vinheta-fixa-rolex-600-x-750.png 600w, https:\/\/fotoplus.com\/duas\/wp-content\/uploads\/2023\/08\/20230813-vinheta-fixa-rolex-600-x-750-240x300.png 240w\" sizes=\"auto, (max-width: 600px) 85vw, 600px\" \/><\/a><\/figure><div class=\"wp-block-media-text__content\">\n<p><strong>vinheta para rede social <\/strong><br><strong>s\/n\u00ba<\/strong><br><br>2023: <strong>s\u00e9rie imagem fixa<\/strong>:<br>Aqui n\u00e3o tem Rolex<br><\/p>\n\n\n\n<p>Aqui n\u00e3o tem Rolex<br>2023.08.13<br><\/p>\n\n\n\n<p><\/p>\n<\/div><\/div>\n\n\n\n<div class=\"wp-block-media-text alignwide is-stacked-on-mobile is-vertically-aligned-top\"><figure class=\"wp-block-media-text__media\"><a href=\"http:\/\/www.fotoplus.com\" target=\"_blank\" rel=\"noreferrer noopener\"><img loading=\"lazy\" decoding=\"async\" width=\"600\" height=\"750\" src=\"http:\/\/www.fotoplus.com\/duas\/wp-content\/uploads\/2023\/09\/20230918-vinheta-fixa-aqui-aqui-600-x-750.png\" alt=\"\" class=\"wp-image-1300 size-full\" srcset=\"https:\/\/fotoplus.com\/duas\/wp-content\/uploads\/2023\/09\/20230918-vinheta-fixa-aqui-aqui-600-x-750.png 600w, https:\/\/fotoplus.com\/duas\/wp-content\/uploads\/2023\/09\/20230918-vinheta-fixa-aqui-aqui-600-x-750-240x300.png 240w\" sizes=\"auto, (max-width: 600px) 85vw, 600px\" \/><\/a><\/figure><div class=\"wp-block-media-text__content\">\n<p><strong>vinheta para rede social <\/strong><br><strong>s\/n\u00ba<\/strong><br><br>2023: <strong>s\u00e9rie imagem fixa<\/strong>:<br>aqui, aqui (seta)<br><\/p>\n\n\n\n<p>aqui, aqui (seta)<br>2023.09.18<br><\/p>\n\n\n\n<p><\/p>\n<\/div><\/div>\n\n\n\n<div class=\"wp-block-media-text alignwide is-stacked-on-mobile is-vertically-aligned-top\"><figure class=\"wp-block-media-text__media\"><a href=\"http:\/\/www.fotoplus.com\" target=\"_blank\" rel=\"noreferrer noopener\"><img loading=\"lazy\" decoding=\"async\" width=\"600\" height=\"750\" src=\"http:\/\/www.fotoplus.com\/duas\/wp-content\/uploads\/2023\/10\/20231011-vinheta-fixa-ministra-negra-600-x-750.png\" alt=\"\" class=\"wp-image-1305 size-full\" srcset=\"https:\/\/fotoplus.com\/duas\/wp-content\/uploads\/2023\/10\/20231011-vinheta-fixa-ministra-negra-600-x-750.png 600w, https:\/\/fotoplus.com\/duas\/wp-content\/uploads\/2023\/10\/20231011-vinheta-fixa-ministra-negra-600-x-750-240x300.png 240w\" sizes=\"auto, (max-width: 600px) 85vw, 600px\" \/><\/a><\/figure><div class=\"wp-block-media-text__content\">\n<p><strong>vinheta para rede social <\/strong><br><strong>s\/n\u00ba<\/strong><br><br>2023: <strong>s\u00e9rie imagem fixa<\/strong>:<br>Ainda h\u00e1 tempo<br><\/p>\n\n\n\n<p>Ainda h\u00e1 tempo: ministras negras para o Supremo<br>2023.10.12<br><\/p>\n\n\n\n<p><\/p>\n<\/div><\/div>\n\n\n\n<div class=\"wp-block-media-text alignwide is-stacked-on-mobile is-vertically-aligned-top\"><figure class=\"wp-block-media-text__media\"><a href=\"http:\/\/www.fotoplus.com\" target=\"_blank\" rel=\"noreferrer noopener\"><img loading=\"lazy\" decoding=\"async\" width=\"600\" height=\"750\" src=\"http:\/\/www.fotoplus.com\/duas\/wp-content\/uploads\/2023\/11\/20231111-vinheta-fixa-coluna-600-x-750.png\" alt=\"\" class=\"wp-image-1311 size-full\" srcset=\"https:\/\/fotoplus.com\/duas\/wp-content\/uploads\/2023\/11\/20231111-vinheta-fixa-coluna-600-x-750.png 600w, https:\/\/fotoplus.com\/duas\/wp-content\/uploads\/2023\/11\/20231111-vinheta-fixa-coluna-600-x-750-240x300.png 240w\" sizes=\"auto, (max-width: 600px) 85vw, 600px\" \/><\/a><\/figure><div class=\"wp-block-media-text__content\">\n<p><strong>vinheta para rede social <\/strong><br><strong>s\/n\u00ba<\/strong><br><br>2023: <strong>s\u00e9rie imagem fixa<\/strong>:<br>Coluna, Brancusi<br><\/p>\n\n\n\n<p>Coluna, Brancusi<br>2023.11.11<br><\/p>\n\n\n\n<p><\/p>\n<\/div><\/div>\n\n\n\n<div class=\"wp-block-media-text alignwide is-stacked-on-mobile is-vertically-aligned-top\"><figure class=\"wp-block-media-text__media\"><a href=\"http:\/\/www.fotoplus.com\" target=\"_blank\" rel=\"noreferrer noopener\"><img loading=\"lazy\" decoding=\"async\" width=\"600\" height=\"750\" src=\"http:\/\/www.fotoplus.com\/duas\/wp-content\/uploads\/2023\/12\/20231212-vinheta-fixa-mae-600-x-750.png\" alt=\"\" class=\"wp-image-1316 size-full\" srcset=\"https:\/\/fotoplus.com\/duas\/wp-content\/uploads\/2023\/12\/20231212-vinheta-fixa-mae-600-x-750.png 600w, https:\/\/fotoplus.com\/duas\/wp-content\/uploads\/2023\/12\/20231212-vinheta-fixa-mae-600-x-750-240x300.png 240w\" sizes=\"auto, (max-width: 600px) 85vw, 600px\" \/><\/a><\/figure><div class=\"wp-block-media-text__content\">\n<p><strong>vinheta para rede social <\/strong><br><strong>s\/n\u00ba<\/strong><br><br>2023: <strong>s\u00e9rie imagem fixa<\/strong>:<br>fala pra m\u00e3e<br><\/p>\n\n\n\n<p>fala pra m\u00e3e<br>2023.12.12<br><\/p>\n\n\n\n<p><\/p>\n<\/div><\/div>\n\n\n\n<p><\/p>\n\n\n\n<p><\/p>\n","protected":false},"excerpt":{"rendered":"<p>M\u00eas a m\u00eas, desde 2020 em plena pandemia, a atualiza\u00e7\u00e3o das bases de dados FotoPlus \u00e9 divulgada em postagens nas redes sociais. Ao longo desse per\u00edodo s\u00e3o explorados de temas a formatos com recursos visuais variados. vinheta para rede social #001\/2020 (sem \u00e1udio) vinheta para rede social #002\/2020 &#8220;toda hist\u00f3ria \u00e9 contempor\u00e2nea&#8221;(2020.07.13) vinheta para rede &hellip; <a href=\"https:\/\/fotoplus.com\/duas\/?page_id=521\" class=\"more-link\">Continue lendo<span class=\"screen-reader-text\"> &#8220;Vinhetas FotoPlus 2020-2023&#8221;<\/span><\/a><\/p>\n","protected":false},"author":1,"featured_media":0,"parent":0,"menu_order":0,"comment_status":"closed","ping_status":"closed","template":"","meta":{"footnotes":""},"class_list":["post-521","page","type-page","status-publish","hentry"],"_links":{"self":[{"href":"https:\/\/fotoplus.com\/duas\/index.php?rest_route=\/wp\/v2\/pages\/521","targetHints":{"allow":["GET"]}}],"collection":[{"href":"https:\/\/fotoplus.com\/duas\/index.php?rest_route=\/wp\/v2\/pages"}],"about":[{"href":"https:\/\/fotoplus.com\/duas\/index.php?rest_route=\/wp\/v2\/types\/page"}],"author":[{"embeddable":true,"href":"https:\/\/fotoplus.com\/duas\/index.php?rest_route=\/wp\/v2\/users\/1"}],"replies":[{"embeddable":true,"href":"https:\/\/fotoplus.com\/duas\/index.php?rest_route=%2Fwp%2Fv2%2Fcomments&post=521"}],"version-history":[{"count":70,"href":"https:\/\/fotoplus.com\/duas\/index.php?rest_route=\/wp\/v2\/pages\/521\/revisions"}],"predecessor-version":[{"id":1400,"href":"https:\/\/fotoplus.com\/duas\/index.php?rest_route=\/wp\/v2\/pages\/521\/revisions\/1400"}],"wp:attachment":[{"href":"https:\/\/fotoplus.com\/duas\/index.php?rest_route=%2Fwp%2Fv2%2Fmedia&parent=521"}],"curies":[{"name":"wp","href":"https:\/\/api.w.org\/{rel}","templated":true}]}}