{"id":241,"date":"2010-11-03T18:22:19","date_gmt":"2010-11-03T18:22:19","guid":{"rendered":"http:\/\/fotoplus.com\/acesso\/?page_id=241"},"modified":"2024-06-21T15:58:00","modified_gmt":"2024-06-21T18:58:00","slug":"outros-paises","status":"publish","type":"page","link":"https:\/\/fotoplus.com\/acesso\/?page_id=241","title":{"rendered":"* Outros pa\u00edses"},"content":{"rendered":"\n<p>Embora n\u00e3o seja o escopo da cobertura do projeto <strong>Acesso Fotoplus<\/strong>, alguns projetos internacionais merecem ser lembrados n\u00e3o s\u00f3 como fontes de informa\u00e7\u00e3o via digital, mas como modelos para an\u00e1lise e refer\u00eancia. As indica\u00e7\u00f5es seguem em ordem alfab\u00e9tica de pa\u00edses.<\/p>\n\n\n\n<p class=\"has-medium-font-size\">Veja tamb\u00e9m <a href=\"http:\/\/www.fotoplus.com\/acesso\/?p=979\"><strong>Bibliotecas Nacionais<\/strong><\/a><br><\/p>\n\n\n\n<hr class=\"wp-block-separator has-css-opacity\"\/>\n\n\n\n<p class=\"has-medium-font-size\"><strong>Portais de refer\u00eancia multinacionais<\/strong><\/p>\n\n\n\n<p>.<strong>Worldcat <\/strong>(EUA, 1971-corrente) &#8211; <a rel=\"noreferrer noopener\" href=\"https:\/\/www.worldcat.org\/\" target=\"_blank\">https:\/\/www.worldcat.org\/<\/a><br>Integrando cat\u00e1logo de mais de 70 mil bibliotecas pelo mundos (no Brasil, poucas como IMS, ECA-USP e USP), o servi\u00e7o permite pesquisa extensiva recuperando edi\u00e7\u00f5es, formatos. Crie uma conta sem custos e voc\u00ea conseguir\u00e1 monitorar at\u00e9 dez bibliotecas escolhidas como favoritas podendo identificar com destaque exemplares em suas pesquisas.<\/p>\n\n\n\n<hr class=\"wp-block-separator has-css-opacity\"\/>\n\n\n\n<p class=\"has-medium-font-size\"><strong>Acervos multinacionais<\/strong><\/p>\n\n\n\n<p><a href=\"http:\/\/www.biblioci.org\" target=\"_blank\" rel=\"noopener noreferrer\">BiblioCi<\/a> (cinema latino-americano)<\/p>\n\n\n\n<p><a href=\"http:\/\/www.fotoplus.com\/acesso\/?p=914\">Independent voices<\/a> (imprensa alternativa: EUA, Inglaterra&#8230;)<\/p>\n\n\n\n<p><a title=\"Open Library - cat\u00e1logo\" href=\"http:\/\/www.fotoplus.com\/acesso\/?p=391\">Open<\/a><a title=\"Open Library - cat\u00e1logo\" href=\"http:\/\/www.fotoplus.com\/acesso\/?p=391\"> Libra<\/a><a title=\"Open Library - cat\u00e1logo\" href=\"http:\/\/www.fotoplus.com\/acesso\/?p=391\">ry<\/a> (cat\u00e1logo de livros da&nbsp; <a href=\"http:\/\/www.archive.org\" target=\"_blank\" rel=\"noopener noreferrer\">Internet Archive<\/a>)<\/p>\n\n\n\n<p><a href=\"https:\/\/www.gutenberg.org\" target=\"_blank\" rel=\"noopener noreferrer\">Project Gutenberg<\/a><\/p>\n\n\n\n<p class=\"has-medium-font-size\"><br><strong>.Argentina<\/strong><\/p>\n\n\n\n<p><a title=\"Acceder - Argentina\" href=\"http:\/\/fotoplus.com\/acesso\/?p=243\" target=\"_self\" rel=\"noopener noreferrer\">Acceder &#8211; Red de Contenidos Digitales del Patrimonio Cultural&nbsp; <\/a>(fora de servi\u00e7o)<\/p>\n\n\n\n<p><a href=\"http:\/\/fotoplus.com\/acesso\/?p=798\">Ahira &#8211; Archivo Historico de Revista Argentinas<\/a><br><\/p>\n\n\n\n<p class=\"has-medium-font-size\"><br>.<strong>Chile<\/strong><\/p>\n\n\n\n<p>.<strong>Mem\u00f3ria Chilena<\/strong> (2018)*<br><a rel=\"noreferrer noopener\" href=\"http:\/\/www.memoriachilena.gob.cl\/\" target=\"_blank\">http:\/\/www.memoriachilena.gob.cl\/<\/a><br>Acesso a livros, imagens etc de cole\u00e7\u00f5es da Biblioteca Nacional de Chile e Museo HIst\u00f3rico Nacional.<\/p>\n\n\n\n<p>.<strong>Museo Hist\u00f3rico Nacional<\/strong> &#8211; acervo fotogr\u00e1fico<br><a rel=\"noreferrer noopener\" href=\"http:\/\/www.fotografiapatrimonial.cl\" target=\"_blank\">http:\/\/www.fotografiapatrimonial.cl<\/a><br>Acesse tamb\u00e9m no menu superior, o item <strong>Publicaciones<\/strong>.<\/p>\n\n\n\n<p class=\"has-medium-font-size\"><br>.<strong>Col\u00f4mbia<\/strong><\/p>\n\n\n\n<p>.<strong>Biblioteca Digital de Bogot\u00e1 &#8211;<\/strong> Bibliored<br><a href=\"https:\/\/www.bibliotecadigitaldebogota.gov.co\/\" target=\"_blank\" rel=\"noreferrer noopener\">https:\/\/www.bibliotecadigitaldebogota.gov.co\/<\/a> (2024.06.21)<br><\/p>\n\n\n\n<p class=\"has-medium-font-size\"><br><strong>.EUA<\/strong><\/p>\n\n\n\n<p><a href=\"http:\/\/fotoplus.com\/acesso\/?p=668\">ICAA-MFA H-Documents of 20th-century Latin American and Latino Art<\/a><\/p>\n\n\n\n<p><strong><a href=\"https:\/\/books.google.com.br\/books\/about\/LIFE.html?id=R1cEAAAAMBAJ\" target=\"_blank\" rel=\"noreferrer noopener\">LIFE Magazine<\/a> <\/strong>(acesso p\u00fablico, Google Books)<\/p>\n\n\n\n<p><strong><a title=\"Media History Digital Library (EUA)\" href=\"http:\/\/fotoplus.com\/acesso\/?p=334\" target=\"_self\" rel=\"noopener noreferrer\">Media History Digital Library<\/a><\/strong> (peri\u00f3dicos &#8211; cinema, r\u00e1dio e televis\u00e3o)<\/p>\n\n\n\n<p><strong><a href=\"http:\/\/fotoplus.com\/acesso\/?p=705\">The Metropolitan Museum&nbsp;<\/a><\/strong><\/p>\n\n\n\n<p><a href=\"http:\/\/fotoplus.com\/acesso\/?p=680\"><strong>MoMA (NY)<\/strong>: Museu de Arte Moderna: exposi\u00e7\u00f5es de 1929 at\u00e9 agora<\/a><\/p>\n\n\n\n<p><a title=\"NAP-bilbioteca online\" href=\"http:\/\/fotoplus.com\/acesso\/?p=320\" target=\"_self\" rel=\"noopener noreferrer\"><strong>NAP <\/strong>&#8211; The National Academies Press<\/a><\/p>\n\n\n\n<p class=\"has-medium-font-size\"><strong><br>.Europa &#8211; Comunidade Europeia<\/strong><\/p>\n\n\n\n<p>* <strong>Europeana <\/strong>(cons\u00f3rcio europeu) (link direto)<br><a rel=\"noreferrer noopener\" href=\"https:\/\/www.europeana.eu\/pt\" target=\"_blank\">https:\/\/www.europeana.eu\/pt <\/a><br><br><strong>BSB: Bayerische Staatsbibliothek  &#8211; Digitale Bibliothek<\/strong> (Alemanha)<br><a rel=\"noreferrer noopener\" href=\"https:\/\/www.digitale-sammlungen.de\/\/index.html?c=suchen&amp;l=en\" target=\"_blank\">https:\/\/www.digitale-sammlungen.de\/\/index.html?c=suchen&amp;l=en<\/a> (link direto)<br><br><strong>Biblioteca Digital Hisp\u00e2nica<\/strong> (BNE, Espanha) (link direto)<br><a rel=\"noreferrer noopener\" href=\"http:\/\/www.bne.es\/es\/Catalogos\/BibliotecaDigitalHispanica\/Inicio\" target=\"_blank\">http:\/\/www.bne.es\/es\/Catalogos\/BibliotecaDigitalHispanica\/Inicio<\/a><br>Livros, fotos etc (usar Internet Explorer para visualizar documentos **)<br><br><strong>Biblioteca Virtual Miguel de Cervante<\/strong>s<br><a rel=\"noreferrer noopener\" href=\"http:\/\/www.cervantesvirtual.com\" target=\"_blank\">http:\/\/www.cervantesvirtual.com<\/a> (link direto)<br>(Espanha, 1999: inclui acervos latino-americanos)<\/p>\n\n\n\n<p><strong>Le Cnum<\/strong> (Fran\u00e7a, 2013) (hist\u00f3ria da ci\u00eancia e tecnologia **)<br><a rel=\"noreferrer noopener\" href=\"http:\/\/cnum.cnam.fr\" target=\"_blank\">http:\/\/cnum.cnam.fr<\/a> (link direto)<\/p>\n\n\n\n<p><strong>Daguerreobase<\/strong> (livros, revistas, etc)<br><a href=\"http:\/\/www.fotoplus.com\/acesso\/?p=773\">http:\/\/www.fotoplus.com\/acesso\/?p=773<\/a><\/p>\n\n\n\n<p><strong>Digizeitschriften<\/strong> (Alemanha)<br>* excepcional portal de peri\u00f3dicos, com download gratuito de mat\u00e9rias anteriores a [1925]<br><a rel=\"noreferrer noopener\" href=\"https:\/\/www.digizeitschriften.de\/\" target=\"_blank\">https:\/\/www.digizeitschriften.de\/<\/a> (link direto)<\/p>\n\n\n\n<p><strong>Gallica<\/strong> (Fran\u00e7a)<br><a href=\"http:\/\/www.fotoplus.com\/acesso\/?p=443\">http:\/\/www.fotoplus.com\/acesso\/?p=443<\/a><br><br><strong>Pomeranian Digital Library<\/strong> (Pol\u00f4nia) (link direto)<br><a rel=\"noreferrer noopener\" href=\"https:\/\/pbc.gda.pl\/dlibra\" target=\"_blank\">https:\/\/pbc.gda.pl\/dlibra<\/a><br>83.628 objetos digitais (em especial, revistas da Europa Central) (2020.07.08)<br><br><strong>Universit\u00e4t Heidelberg<\/strong>: Heildelberg Openacess (Alemanha) (link direto)<br><a rel=\"noreferrer noopener\" href=\"http:\/\/hd-historische-bestaende-digital.uni-hd.de\" target=\"_blank\">http:\/\/hd-historische-bestaende-digital.uni-hd.de<\/a><\/p>\n\n\n\n<p><strong>IRIS: hist\u00f3ria da ci\u00eancia<\/strong> &#8211; Universit\u00e9 de Lille (Fran\u00e7a)<br><a rel=\"noreferrer noopener\" href=\"https:\/\/iris.univ-lille.fr\" target=\"_blank\">https:\/\/iris.univ-lille.fr<\/a> (link direto)<\/p>\n\n\n\n<hr class=\"wp-block-separator has-alpha-channel-opacity is-style-wide\"\/>\n\n\n\n<p class=\"has-medium-font-size\"><strong>.M\u00e9xico<\/strong><br><\/p>\n\n\n\n<p><strong>INEHRM: <\/strong><a href=\"https:\/\/inehrm.gob.mx\/es\/inehrm\/Libros_Digitales\">Instituto Nacional de Estudios Hist\u00f3ricos de las Revoluciones de M\u00e9xico<\/a> (link direto)<br>pequeno conjunto de livros em interface de busca limitada (2020.07.15)<br><br><\/p>\n\n\n\n<p class=\"has-medium-font-size\"><strong>.Singapura<\/strong><\/p>\n\n\n\n<p><a title=\"Poster Gallery (Singapura)\" rel=\"noopener noreferrer\" href=\"http:\/\/fotoplus.com\/acesso\/?p=315\" target=\"_self\">Poster Gallery: utopian constructions<\/a><\/p>\n","protected":false},"excerpt":{"rendered":"<p>Embora n\u00e3o seja o escopo da cobertura do projeto Acesso Fotoplus, alguns projetos internacionais merecem ser lembrados n\u00e3o s\u00f3 como fontes de informa\u00e7\u00e3o via digital, mas como modelos para an\u00e1lise e refer\u00eancia. As indica\u00e7\u00f5es seguem em ordem alfab\u00e9tica de pa\u00edses. Veja tamb\u00e9m Bibliotecas Nacionais Portais de refer\u00eancia multinacionais .Worldcat (EUA, 1971-corrente) &#8211; https:\/\/www.worldcat.org\/Integrando cat\u00e1logo de &hellip; <a href=\"https:\/\/fotoplus.com\/acesso\/?page_id=241\" class=\"more-link\">Continue lendo<span class=\"screen-reader-text\"> &#8220;* Outros pa\u00edses&#8221;<\/span><\/a><\/p>\n","protected":false},"author":1,"featured_media":0,"parent":0,"menu_order":0,"comment_status":"closed","ping_status":"closed","template":"","meta":{"footnotes":""},"class_list":["post-241","page","type-page","status-publish","hentry"],"_links":{"self":[{"href":"https:\/\/fotoplus.com\/acesso\/index.php?rest_route=\/wp\/v2\/pages\/241","targetHints":{"allow":["GET"]}}],"collection":[{"href":"https:\/\/fotoplus.com\/acesso\/index.php?rest_route=\/wp\/v2\/pages"}],"about":[{"href":"https:\/\/fotoplus.com\/acesso\/index.php?rest_route=\/wp\/v2\/types\/page"}],"author":[{"embeddable":true,"href":"https:\/\/fotoplus.com\/acesso\/index.php?rest_route=\/wp\/v2\/users\/1"}],"replies":[{"embeddable":true,"href":"https:\/\/fotoplus.com\/acesso\/index.php?rest_route=%2Fwp%2Fv2%2Fcomments&post=241"}],"version-history":[{"count":45,"href":"https:\/\/fotoplus.com\/acesso\/index.php?rest_route=\/wp\/v2\/pages\/241\/revisions"}],"predecessor-version":[{"id":1290,"href":"https:\/\/fotoplus.com\/acesso\/index.php?rest_route=\/wp\/v2\/pages\/241\/revisions\/1290"}],"wp:attachment":[{"href":"https:\/\/fotoplus.com\/acesso\/index.php?rest_route=%2Fwp%2Fv2%2Fmedia&parent=241"}],"curies":[{"name":"wp","href":"https:\/\/api.w.org\/{rel}","templated":true}]}}